{"version":"1.0","provider_name":"www.tpa-group.ro","provider_url":"https:\/\/www.tpa-group.ro\/de\/","author_name":"mihaelavladescu","author_url":"https:\/\/www.tpa-group.ro\/de\/author\/mihaelavladescu\/","title":"ViDA - Mehrwertsteuer im digitalen Zeitalter | www.tpa-group.ro","type":"rich","width":600,"height":338,"html":"<blockquote class=\"wp-embedded-content\" data-secret=\"Dt8fqg222H\"><a href=\"https:\/\/www.tpa-group.ro\/de\/news\/vida-mehrwertsteuer-im-digitalen-zeitalter\/\">ViDA &#8211; Mehrwertsteuer im digitalen Zeitalter<\/a><\/blockquote><iframe sandbox=\"allow-scripts\" security=\"restricted\" src=\"https:\/\/www.tpa-group.ro\/de\/news\/vida-mehrwertsteuer-im-digitalen-zeitalter\/embed\/#?secret=Dt8fqg222H\" width=\"600\" height=\"338\" title=\"&#8222;ViDA &#8211; Mehrwertsteuer im digitalen Zeitalter&#8220; &#8212; www.tpa-group.ro\" data-secret=\"Dt8fqg222H\" frameborder=\"0\" marginwidth=\"0\" marginheight=\"0\" scrolling=\"no\" class=\"wp-embedded-content\"><\/iframe><script>\n\/*! This file is auto-generated *\/\n!function(d,l){\"use strict\";l.querySelector&&d.addEventListener&&\"undefined\"!=typeof URL&&(d.wp=d.wp||{},d.wp.receiveEmbedMessage||(d.wp.receiveEmbedMessage=function(e){var t=e.data;if((t||t.secret||t.message||t.value)&&!\/[^a-zA-Z0-9]\/.test(t.secret)){for(var s,r,n,a=l.querySelectorAll('iframe[data-secret=\"'+t.secret+'\"]'),o=l.querySelectorAll('blockquote[data-secret=\"'+t.secret+'\"]'),c=new RegExp(\"^https?:$\",\"i\"),i=0;i<o.length;i++)o[i].style.display=\"none\";for(i=0;i<a.length;i++)s=a[i],e.source===s.contentWindow&&(s.removeAttribute(\"style\"),\"height\"===t.message?(1e3<(r=parseInt(t.value,10))?r=1e3:~~r<200&&(r=200),s.height=r):\"link\"===t.message&&(r=new URL(s.getAttribute(\"src\")),n=new URL(t.value),c.test(n.protocol))&&n.host===r.host&&l.activeElement===s&&(d.top.location.href=t.value))}},d.addEventListener(\"message\",d.wp.receiveEmbedMessage,!1),l.addEventListener(\"DOMContentLoaded\",function(){for(var e,t,s=l.querySelectorAll(\"iframe.wp-embedded-content\"),r=0;r<s.length;r++)(t=(e=s[r]).getAttribute(\"data-secret\"))||(t=Math.random().toString(36).substring(2,12),e.src+=\"#?secret=\"+t,e.setAttribute(\"data-secret\",t)),e.contentWindow.postMessage({message:\"ready\",secret:t},\"*\")},!1)))}(window,document);\n<\/script>\n","thumbnail_url":"https:\/\/www.tpa-group.ro\/app\/uploads\/sites\/9\/2025\/04\/IFRS.jpg","thumbnail_width":2500,"thumbnail_height":1700,"description":"Der Rat der Europ\u00e4ischen Union hat am 11.03.2025 das Legislativpaket \u201eMehrwertsteuer im digitalen Zeitalter\u201c (ViDA) zur \u00c4nderung der jeweils geltenden Mehrwertsteuerrichtlinie angenommen. Die Implementierung dieses Ma\u00dfnahmenpakets erfolgt schrittweise, mit Umsetzungsfristen bis einschlie\u00dflich 2035."}